{"id":75,"date":"2024-11-01T13:37:50","date_gmt":"2024-11-01T13:37:50","guid":{"rendered":"https:\/\/ursimonewietlisbachfoundation.ch\/?page_id=75"},"modified":"2025-12-17T06:16:07","modified_gmt":"2025-12-17T05:16:07","slug":"home","status":"publish","type":"page","link":"https:\/\/ursimonewietlisbachfoundation.ch\/de\/","title":{"rendered":"Home"},"content":{"rendered":"<div class=\"wpb-content-wrapper\">[vc_row full_width=&#8220;stretch_row_content_no_spaces&#8220; equal_height=&#8220;yes&#8220; remove_bottom_col_margin=&#8220;true&#8220; el_class=&#8220;home__hero&#8220; css=&#8220;.vc_custom_1730963188598{background-color: #062366 !important;}&#8220;][vc_column width=&#8220;1\/2&#8243; el_class=&#8220;imgCol&#8220;][vc_column_text css=&#8220;&#8220; el_id=&#8220;uswf-random-fade&#8220;]<div id=\"metaslider-id-669\" style=\"width: 100%; margin: 0 auto;\" class=\"ml-slider-3-100-1 metaslider metaslider-flex metaslider-669 ml-slider hide-navigation-smartphone hide-navigation-tablet hide-navigation-laptop hide-navigation-desktop ms-theme-default-base nav-hidden\" role=\"region\" aria-label=\"New Slideshow\">\n    <div id=\"metaslider_container_669\">\n        <div id=\"metaslider_669\">\n            <ul class='slides'>\n                <li style=\"display: block; width: 100%;\" class=\"slide-671 ms-image \" aria-roledescription=\"slide\" data-date=\"2025-06-12 12:13:30\"><img src=\"https:\/\/ursimonewietlisbachfoundation.ch\/wp-content\/uploads\/2025\/06\/home-3-0x0.jpg\" alt=\"\" class=\"slider-669 slide-671 msDefaultImage\" title=\"home-3\" \/><\/li>\n                <li style=\"display: none; width: 100%;\" class=\"slide-672 ms-image \" aria-roledescription=\"slide\" data-date=\"2025-06-12 12:13:30\"><img src=\"https:\/\/ursimonewietlisbachfoundation.ch\/wp-content\/uploads\/2025\/06\/home-2-0x0.jpg\" alt=\"\" class=\"slider-669 slide-672 msDefaultImage\" title=\"home-2\" \/><\/li>\n                <li style=\"display: none; width: 100%;\" class=\"slide-670 ms-image \" aria-roledescription=\"slide\" data-date=\"2025-06-12 12:13:29\"><img src=\"https:\/\/ursimonewietlisbachfoundation.ch\/wp-content\/uploads\/2025\/06\/home-4-0x0.jpg\" alt=\"\" class=\"slider-669 slide-670 msDefaultImage\" title=\"home-4\" \/><\/li>\n                <li style=\"display: none; width: 100%;\" class=\"slide-673 ms-image \" aria-roledescription=\"slide\" data-date=\"2025-06-12 12:13:30\"><img src=\"https:\/\/ursimonewietlisbachfoundation.ch\/wp-content\/uploads\/2025\/06\/home-1-0x0.jpg\" alt=\"\" class=\"slider-669 slide-673 msDefaultImage\" title=\"Asian para-athlete with prosthetic blades warms up body in the stadium. Attractive amputee sportsman runner prepare himself before exercise practice session for upcoming Paralympic running competition\" \/><\/li>\n            <\/ul>\n        <\/div>\n        \n    <\/div>\n<\/div>[\/vc_column_text][\/vc_column][vc_column width=&#8220;1\/2&#8243; el_class=&#8220;textCol&#8220;]<style>.vcex-image.vcex_69f46dd0c6d25 .vcex-image-inner{max-width:164px;}<\/style><figure class=\"vcex-image vcex-module textright home__hero__logo vcex_69f46dd0c6d25\"><div class=\"vcex-image-inner wpex-relative wpex-inline-block\"><a href=\"https:\/\/ursimonewietlisbachfoundation.ch\/\"><img width=\"164\" height=\"41\" src=\"https:\/\/ursimonewietlisbachfoundation.ch\/wp-content\/uploads\/2024\/11\/logo_Ursimone_Wietlisbach_Foundation_white-1.svg\" class=\"vcex-image-img wpex-align-middle\" alt=\"\" loading=\"lazy\" decoding=\"async\" \/><\/a><\/div><\/figure><h1 class=\"vcex-heading vcex-heading-plain vcex-module wpex-heading wpex-text-2xl  wpb_animate_when_almost_visible wpb_fadeInUp fadeInUp home__hero__title\"><span class=\"vcex-heading-inner wpex-inline-block\">Willkommen<br \/>\nbei der Ursimone Wietlisbach Foundation<\/span><\/h1><a id=\"uswf-ar-btn\" href=\"https:\/\/ursimonewietlisbachfoundation.ch\/de\/#uswf-ar-25\" class=\"vcex-button theme-button inline\" title=\"Jahresbericht 2024\"><span class=\"vcex-button-inner theme-button-inner\"><span class=\"vcex-button-icon vcex-icon-wrap theme-button-icon-left\"><span aria-hidden=\"true\" class=\"vc-material vc-material-arrow_downward\"><\/span><\/span>Jahresbericht<\/span><\/a> [\/vc_column][\/vc_row][vc_row full_width=&#8220;stretch_row_content&#8220; remove_bottom_col_margin=&#8220;true&#8220; el_class=&#8220;uwf-menu__desktop&#8220;][vc_column el_class=&#8220;inis-ext-wapper&#8220;][vc_column_text css=&#8220;&#8220; visibility=&#8220;hidden-desktop&#8220; el_id=&#8220;inisHomeRes&#8220;]<strong><a href=\"https:\/\/ursimonewietlisbachfoundation.ch\/de\/\">Startseite<\/a><\/strong>[\/vc_column_text][vc_wp_custommenu nav_menu=&#8220;16&#8243;]<a href=\"tel:\" class=\"vcex-button theme-txt-link wpex-inline-block inline mobile-menu-btn\"><span class=\"vcex-button-inner theme-button-inner\">Men\u00fc<span class=\"vcex-button-icon vcex-icon-wrap theme-button-icon-right\"><span aria-hidden=\"true\" class=\"fas fa-bars\"><\/span><\/span><\/span><\/a> [\/vc_column][\/vc_row][vc_row full_width=&#8220;stretch_row_content_no_spaces&#8220; remove_bottom_col_margin=&#8220;true&#8220; el_class=&#8220;uwf-menu__mobile&#8220;][vc_column]<a href=\"tel:\" class=\"vcex-button theme-txt-link wpex-inline-block inline mobile-menu-close\"><span class=\"vcex-button-inner theme-button-inner\">Close Menu<\/span><\/a> [vc_wp_custommenu nav_menu=&#8220;14&#8243;][\/vc_column][\/vc_row][vc_row full_width=&#8220;stretch_row&#8220; el_class=&#8220;home__textRow&#8220; local_scroll_id=&#8220;about&#8220; el_id=&#8220;about&#8220;][vc_column][vc_row_inner el_class=&#8220;inner-row&#8220;][vc_column_inner]<h2 class=\"vcex-heading vcex-heading-plain vcex-module wpex-heading wpex-text-2xl  wpb_animate_when_almost_visible wpb_fadeInUp fadeInUp\"><span class=\"vcex-heading-inner wpex-inline-block\">Die Ursimone Wietlisbach Foundation auf einen Blick.<\/span><\/h2>[vc_column_text css_animation=&#8220;fadeInUp&#8220; css=&#8220;&#8220;]<em><strong>Die Ursimone Wietlisbach Foundation wurde von Urs und Simone Wietlisbach 2021 gegr\u00fcndet. Das Ziel der in Zug domizilierten Stiftung ist, Menschen ein ges\u00fcnderes, ausgeglicheneres Leben voller Freude zu erm\u00f6glichen.<\/strong><\/em><\/p>\n<p>Unser Fokus liegt auf langfristigen Investitionen und Partnerschaften. \u00dcber diese wollen wir sicherstellen, dass m\u00f6glichst viele Menschen und Gemeinschaften Zugang zu ganzheitlicher Gesundheit, pers\u00f6nlicher Entwicklung und einem aktiven Leben haben. Unser Hauptaugenmerk liegt auf der Schweiz und ausgew\u00e4hlten L\u00e4ndern mit niedrigem und mittlerem Einkommen (vor allem Kambodscha, Laos, Myanmar und dessen Grenzregionen mit Thailand, Indien und Bangladesch).[\/vc_column_text][\/vc_column_inner][\/vc_row_inner][\/vc_column][\/vc_row][vc_row full_width=&#8220;stretch_row&#8220; el_class=&#8220;home__target&#8220; css=&#8220;.vc_custom_1730704433483{background-color: #062366 !important;}&#8220;][vc_column][vc_column_text css_animation=&#8220;fadeInUp&#8220; css=&#8220;&#8220;]\n<p style=\"text-align: center;\">Unser Purpose ist, eine Welt mitzugestalten, in der alle ein erf\u00fclltes Leben f\u00fchren k\u00f6nnen \u2013 gepr\u00e4gt von Sinn, Freude und gemeinsam gestalteter Nachhaltigkeit.<\/p>\n[\/vc_column_text][\/vc_column][\/vc_row][vc_row el_class=&#8220;home__strategic&#8220; local_scroll_id=&#8220;geographical&#8220; el_id=&#8220;geographical&#8220;][vc_column css_animation=&#8220;fadeInUp&#8220; width=&#8220;1\/2&#8243; el_class=&#8220;textCol&#8220;]<h2 class=\"vcex-heading vcex-heading-plain vcex-module wpex-heading wpex-text-2xl\"><span class=\"vcex-heading-inner wpex-inline-block\">Unser<br \/>\nGeographischer Fokus<\/span><\/h2>[vc_column_text css=&#8220;&#8220; el_class=&#8220;subheading&#8220;]Wir fokussieren uns auf zwei Gebiete: die Schweiz und die Mekong-Region.[\/vc_column_text][vc_tta_accordion title_tag=&#8220;h3&#8243; c_position=&#8220;right&#8220; active_section=&#8220;-1&#8243; collapsible_all=&#8220;true&#8220;][vc_tta_section title=&#8220;Schweiz&#8220; tab_id=&#8220;1730705886952-7fa1454d-dbf7&#8243;][vc_column_text css=&#8220;&#8220;]Die Ursimone Wietlisbach Foundation ist eine Schweizer Stiftung. Mit unserem Engagement in der Schweiz m\u00f6chten wir unserem Land etwas zur\u00fcckgeben. Unser Fokus liegt auf der Zentralschweiz, wo wir unsere Wurzeln haben. Hier wollen wir sicherstellen, dass m\u00f6glichst viele Menschen die M\u00f6glichkeit haben, ein gesundes, ausgeglichenes und gl\u00fcckliches Leben zu f\u00fchren.[\/vc_column_text][\/vc_tta_section][vc_tta_section title=&#8220;Mekong-Region&#8220; tab_id=&#8220;1730705886963-97cfb660-7876&#8243;][vc_column_text css=&#8220;&#8220;]Unser Fokusgebiet in der Mekong-Region umfasst Kambodscha, Laos und Myanmar. Aufgrund des aktuellen Konflikts in Myanmar ist unsere Arbeit dort unter anderem auch auf Migranten- und Fl\u00fcchtlingsgruppen aus Myanmar entlang der Grenzen zu Thailand, Indien und Bangladesh ausgerichtet.<\/p>\n<p>In unserem Fokusgebiet lebt eine dynamische, talentierte und engagierte Bev\u00f6lkerung. Doch oft mangelt es ihr an M\u00f6glichkeiten, ihr Potenzial zu entfalten. Unser langfristiges Engagement zielt darauf ab, dieses Potenzial mit Hilfe unserer bestehenden starken Partnerschaften in der Region freizusetzen. So stellen wir sicher, dass mehr Menschen die Chance erhalten, einen wichtigen Beitrag zum Wohlergehen ihrer Gemeinschaft zu leisten. Strategische Chancen, die langfristig f\u00fcr unsere Fokusregion relevant sind, k\u00f6nnen auch in anderen L\u00e4ndern mit niedrigem und mittlerem Einkommen in Betracht gezogen werden.[\/vc_column_text][\/vc_tta_section][\/vc_tta_accordion][\/vc_column][vc_column width=&#8220;1\/2&#8243; el_class=&#8220;imgCol&#8220;]<figure class=\"vcex-image vcex-module  wpb_animate_when_almost_visible wpb_fadeInDown fadeInDown top-image\"><div class=\"vcex-image-inner wpex-relative wpex-inline-block\"><img width=\"1128\" height=\"1359\" src=\"https:\/\/ursimonewietlisbachfoundation.ch\/wp-content\/uploads\/2024\/11\/shutterstock_1222446850-scaled-e1731050276979.webp\" class=\"vcex-image-img wpex-align-middle\" alt=\"\" loading=\"lazy\" decoding=\"async\" srcset=\"https:\/\/ursimonewietlisbachfoundation.ch\/wp-content\/uploads\/2024\/11\/shutterstock_1222446850-scaled-e1731050276979.webp 1128w, https:\/\/ursimonewietlisbachfoundation.ch\/wp-content\/uploads\/2024\/11\/shutterstock_1222446850-scaled-e1731050276979-249x300.webp 249w, https:\/\/ursimonewietlisbachfoundation.ch\/wp-content\/uploads\/2024\/11\/shutterstock_1222446850-scaled-e1731050276979-850x1024.webp 850w, https:\/\/ursimonewietlisbachfoundation.ch\/wp-content\/uploads\/2024\/11\/shutterstock_1222446850-scaled-e1731050276979-768x925.webp 768w\" sizes=\"auto, (max-width: 1128px) 100vw, 1128px\" \/><\/div><\/figure><figure class=\"vcex-image vcex-module  wpb_animate_when_almost_visible wpb_fadeInUp fadeInUp bottom-image\"><div class=\"vcex-image-inner wpex-relative wpex-inline-block\"><img width=\"1298\" height=\"1664\" src=\"https:\/\/ursimonewietlisbachfoundation.ch\/wp-content\/uploads\/2024\/11\/3019975-scaled-e1731050123829.webp\" class=\"vcex-image-img wpex-align-middle\" alt=\"\" loading=\"lazy\" decoding=\"async\" srcset=\"https:\/\/ursimonewietlisbachfoundation.ch\/wp-content\/uploads\/2024\/11\/3019975-scaled-e1731050123829.webp 1298w, https:\/\/ursimonewietlisbachfoundation.ch\/wp-content\/uploads\/2024\/11\/3019975-scaled-e1731050123829-234x300.webp 234w, https:\/\/ursimonewietlisbachfoundation.ch\/wp-content\/uploads\/2024\/11\/3019975-scaled-e1731050123829-799x1024.webp 799w, https:\/\/ursimonewietlisbachfoundation.ch\/wp-content\/uploads\/2024\/11\/3019975-scaled-e1731050123829-768x985.webp 768w, https:\/\/ursimonewietlisbachfoundation.ch\/wp-content\/uploads\/2024\/11\/3019975-scaled-e1731050123829-1198x1536.webp 1198w\" sizes=\"auto, (max-width: 1298px) 100vw, 1298px\" \/><\/div><\/figure><h3 class=\"vcex-heading vcex-heading-plain vcex-module wpex-heading wpex-text-2xl right-heading\"><span class=\"vcex-heading-inner wpex-inline-block\">Strategische Chancen<\/span><\/h3>[\/vc_column][\/vc_row][vc_row full_width=&#8220;stretch_row&#8220; remove_bottom_col_margin=&#8220;true&#8220; el_class=&#8220;home__areas&#8220; local_scroll_id=&#8220;areas&#8220; el_id=&#8220;areas&#8220;][vc_column css_animation=&#8220;fadeInUp&#8220;]<h2 class=\"vcex-heading vcex-heading-plain vcex-module wpex-heading wpex-text-2xl home__areas__title\"><span class=\"vcex-heading-inner wpex-inline-block\">Unsere drei Wirkungsbereiche<\/span><\/h2>[vc_row_inner el_class=&#8220;inner-row&#8220;][vc_column_inner el_class=&#8220;m-area m-area__red&#8220; width=&#8220;1\/3&#8243;]<figure class=\"vcex-image vcex-module m-area__image\"><div class=\"vcex-image-inner wpex-relative wpex-inline-block\"><img width=\"193\" height=\"196\" src=\"https:\/\/ursimonewietlisbachfoundation.ch\/wp-content\/uploads\/2024\/11\/Holistic-Health-1.png\" class=\"vcex-image-img wpex-align-middle\" alt=\"\" loading=\"lazy\" decoding=\"async\" \/><\/div><\/figure><h3 class=\"vcex-heading vcex-heading-plain vcex-module wpex-heading wpex-text-2xl m-area__title\"><span class=\"vcex-heading-inner wpex-inline-block\">Ganzheitliche Gesundheit und Pr\u00e4vention<\/span><\/h3>[vc_column_text css=&#8220;&#8220; el_class=&#8220;m-area__excerpt&#8220;]Die aktuellen Gesundheitssysteme in der Schweiz und weltweit sind prim\u00e4r auf die Behandlung von Krankheiten ausgerichtet. Wirtsch&#8230;[\/vc_column_text]<a href=\"tel:\" class=\"vcex-button theme-txt-link wpex-inline-block inline m-area__btn popmake-108\"><span class=\"vcex-button-inner theme-button-inner\">hier weiter lesen<\/span><\/a> [\/vc_column_inner][vc_column_inner el_class=&#8220;m-area m-area__blue&#8220; width=&#8220;1\/3&#8243;]<figure class=\"vcex-image vcex-module m-area__image\"><div class=\"vcex-image-inner wpex-relative wpex-inline-block\"><img width=\"188\" height=\"197\" src=\"https:\/\/ursimonewietlisbachfoundation.ch\/wp-content\/uploads\/2024\/11\/Human-Development-1.png\" class=\"vcex-image-img wpex-align-middle\" alt=\"\" loading=\"lazy\" decoding=\"async\" \/><\/div><\/figure><h3 class=\"vcex-heading vcex-heading-plain vcex-module wpex-heading wpex-text-2xl m-area__title\"><span class=\"vcex-heading-inner wpex-inline-block\">Wissenssysteme<br \/>\nst\u00e4rken<\/span><\/h3>[vc_column_text css=&#8220;&#8220; el_class=&#8220;m-area__excerpt&#8220;]Jungen Menschen im Alter von 15 bis 25 Jahren in der Mekong-Region mangelt es angesichts steigender Anforderungen von Arbeitgeberse&#8230;[\/vc_column_text]<a href=\"tel:\" class=\"vcex-button theme-txt-link wpex-inline-block inline m-area__btn popmake-111\"><span class=\"vcex-button-inner theme-button-inner\">hier weiter lesen<\/span><\/a> [\/vc_column_inner][vc_column_inner el_class=&#8220;m-area m-area__green&#8220; width=&#8220;1\/3&#8243;]<figure class=\"vcex-image vcex-module m-area__image\"><div class=\"vcex-image-inner wpex-relative wpex-inline-block\"><img width=\"195\" height=\"196\" src=\"https:\/\/ursimonewietlisbachfoundation.ch\/wp-content\/uploads\/2024\/11\/Active-Lifestyle-1.png\" class=\"vcex-image-img wpex-align-middle\" alt=\"\" loading=\"lazy\" decoding=\"async\" srcset=\"https:\/\/ursimonewietlisbachfoundation.ch\/wp-content\/uploads\/2024\/11\/Active-Lifestyle-1.png 195w, https:\/\/ursimonewietlisbachfoundation.ch\/wp-content\/uploads\/2024\/11\/Active-Lifestyle-1-150x150.png 150w\" sizes=\"auto, (max-width: 195px) 100vw, 195px\" \/><\/div><\/figure><h3 class=\"vcex-heading vcex-heading-plain vcex-module wpex-heading wpex-text-2xl m-area__title\"><span class=\"vcex-heading-inner wpex-inline-block\">Aktives<br \/>\nLeben<\/span><\/h3>[vc_column_text css=&#8220;&#8220; el_class=&#8220;m-area__excerpt&#8220;]Menschen aus einkommensschwachen und schwierigen Umfeldern verf\u00fcgen heute oft nicht \u00fcber die finanziellen Mittel, um sich sport&#8230;[\/vc_column_text]<a href=\"tel:\" class=\"vcex-button theme-txt-link wpex-inline-block inline m-area__btn popmake-112\"><span class=\"vcex-button-inner theme-button-inner\">hier weiter lesen<\/span><\/a> [\/vc_column_inner][\/vc_row_inner][\/vc_column][\/vc_row][vc_row el_class=&#8220;home__task&#8220; local_scroll_id=&#8220;task&#8220; el_id=&#8220;task&#8220;][vc_column]<h2 class=\"vcex-heading vcex-heading-plain vcex-module wpex-heading wpex-text-2xl wpex-text-center  wpb_animate_when_almost_visible wpb_fadeInUp fadeInUp home__task__title\"><span class=\"vcex-heading-inner wpex-inline-block\">Unsere Aufgabe<\/span><\/h2>[vc_column_text css_animation=&#8220;fadeInUp&#8220; css=&#8220;&#8220; text_align=&#8220;center&#8220; el_class=&#8220;home__task__intro&#8220;]Wir handeln unternehmerisch und investieren in mutige Ideen und langfristige Partnerschaften. So stellen wir sicher, dass Gemeinschaften Zugang zu ganzheitlicher Gesundheit, pers\u00f6nlicher Entwicklung und einem aktiven Leben haben.[\/vc_column_text][vc_row_inner el_class=&#8220;inner-row&#8220;][vc_column_inner el_class=&#8220;imgCol&#8220; width=&#8220;1\/2&#8243;]<figure class=\"vcex-image vcex-module  wpb_animate_when_almost_visible wpb_fadeInDown fadeInDown top-image\"><div class=\"vcex-image-inner wpex-relative wpex-inline-block\"><img width=\"1706\" height=\"2308\" src=\"https:\/\/ursimonewietlisbachfoundation.ch\/wp-content\/uploads\/2024\/11\/4592947-scaled-e1731050952817.webp\" class=\"vcex-image-img wpex-align-middle\" alt=\"\" loading=\"lazy\" decoding=\"async\" srcset=\"https:\/\/ursimonewietlisbachfoundation.ch\/wp-content\/uploads\/2024\/11\/4592947-scaled-e1731050952817.webp 1706w, https:\/\/ursimonewietlisbachfoundation.ch\/wp-content\/uploads\/2024\/11\/4592947-scaled-e1731050952817-222x300.webp 222w, https:\/\/ursimonewietlisbachfoundation.ch\/wp-content\/uploads\/2024\/11\/4592947-scaled-e1731050952817-757x1024.webp 757w, https:\/\/ursimonewietlisbachfoundation.ch\/wp-content\/uploads\/2024\/11\/4592947-scaled-e1731050952817-768x1039.webp 768w, https:\/\/ursimonewietlisbachfoundation.ch\/wp-content\/uploads\/2024\/11\/4592947-scaled-e1731050952817-1135x1536.webp 1135w, https:\/\/ursimonewietlisbachfoundation.ch\/wp-content\/uploads\/2024\/11\/4592947-scaled-e1731050952817-1514x2048.webp 1514w\" sizes=\"auto, (max-width: 1706px) 100vw, 1706px\" \/><\/div><\/figure><figure class=\"vcex-image vcex-module  wpb_animate_when_almost_visible wpb_fadeInUp fadeInUp bottom-image\"><div class=\"vcex-image-inner wpex-relative wpex-inline-block\"><img width=\"1476\" height=\"1706\" src=\"https:\/\/ursimonewietlisbachfoundation.ch\/wp-content\/uploads\/2024\/11\/5282293-scaled-e1731051208530.webp\" class=\"vcex-image-img wpex-align-middle\" alt=\"\" loading=\"lazy\" decoding=\"async\" srcset=\"https:\/\/ursimonewietlisbachfoundation.ch\/wp-content\/uploads\/2024\/11\/5282293-scaled-e1731051208530.webp 1476w, https:\/\/ursimonewietlisbachfoundation.ch\/wp-content\/uploads\/2024\/11\/5282293-scaled-e1731051208530-260x300.webp 260w, https:\/\/ursimonewietlisbachfoundation.ch\/wp-content\/uploads\/2024\/11\/5282293-scaled-e1731051208530-886x1024.webp 886w, https:\/\/ursimonewietlisbachfoundation.ch\/wp-content\/uploads\/2024\/11\/5282293-scaled-e1731051208530-768x888.webp 768w, https:\/\/ursimonewietlisbachfoundation.ch\/wp-content\/uploads\/2024\/11\/5282293-scaled-e1731051208530-1329x1536.webp 1329w\" sizes=\"auto, (max-width: 1476px) 100vw, 1476px\" \/><\/div><\/figure><h3 class=\"vcex-heading vcex-heading-plain vcex-module wpex-heading wpex-text-2xl images-heading\"><span class=\"vcex-heading-inner wpex-inline-block\">Mutige<br \/>\nIdeen<\/span><\/h3>[\/vc_column_inner][vc_column_inner el_class=&#8220;listCol&#8220; width=&#8220;1\/2&#8243;]<h4 class=\"vcex-heading vcex-heading-plain vcex-module wpex-heading wpex-text-2xl  wpb_animate_when_almost_visible wpb_fadeInUp fadeInUp list-heading\"><span class=\"vcex-heading-inner wpex-inline-block\">So erzielen wir Wirkung<\/span><\/h4>[vc_column_text css_animation=&#8220;fadeInRight&#8220; css=&#8220;&#8220;]<strong>Evidenz und Forschung:<\/strong><br \/>\nWir unterst\u00fctzen Forschung, um eine solide Evidenzbasis zu schaffen.<\/p>\n<p><strong>Umsetzung von Evidenz in politisches Handeln:<\/strong><br \/>\nWir nutzen Forschungsergebnisse, um politische Prozesse zu st\u00fctzen.<\/p>\n<p><strong>Umsetzung mit Partnern:<\/strong><br \/>\nWir arbeiten mit Partnern, die Programme und Projekte in unserem Sinn umsetzen.<\/p>\n<p><strong>Innovative Finanzierung:<\/strong><br \/>\nWir nutzen innovative Finanzierungsmethoden, um unsere Wirkung zu verst\u00e4rken und unseren Wirkungskreis zu vergr\u00f6ssern. Dazu erproben und nutzen wir auch neue Finanzierungsl\u00f6sungen wie etwa Mischfinanzierungen.<\/p>\n<p><strong>Stakeholderengagement und strategische Kommunikation:<\/strong><br \/>\nWir nutzen Kommunikation als strategisches Instrument f\u00fcr die Themensetzung. Interessengruppen beziehen wir in unsere Arbeit ein, um ihre Unterst\u00fctzung zu gewinnen.[\/vc_column_text][\/vc_column_inner][\/vc_row_inner][\/vc_column][\/vc_row][vc_row full_width=&#8220;stretch_row&#8220; el_class=&#8220;home__questions&#8220; local_scroll_id=&#8220;issues&#8220; el_id=&#8220;issues&#8220;][vc_column css_animation=&#8220;fadeInUp&#8220;][vc_row_inner el_class=&#8220;inner-row&#8220; el_id=&#8220;team&#8220;][vc_column_inner]<h2 class=\"vcex-heading vcex-heading-plain vcex-module wpex-heading wpex-text-2xl home__questions__title\"><span class=\"vcex-heading-inner wpex-inline-block\">QUERSCHNITTSTHEMEN<\/span><\/h2>[vc_column_text css=&#8220;&#8220; el_class=&#8220;home__questions__intro&#8220;]Drei wichtige Querschnittsthemen bearbeiten wir in allen Wirkungsbereichen:[\/vc_column_text][\/vc_column_inner][\/vc_row_inner][vc_row_inner el_class=&#8220;inner-row&#8220;][vc_column_inner el_class=&#8220;m-question&#8220; width=&#8220;1\/3&#8243;]<h3 class=\"vcex-heading vcex-heading-plain vcex-module wpex-heading wpex-text-2xl m-question__title\"><span class=\"vcex-heading-inner wpex-inline-block\">INKLUSION<\/span><\/h3>[vc_column_text css=&#8220;&#8220; el_class=&#8220;m-question__content&#8220;]Behinderungen sind oft unsichtbar und betreffen Menschen in allen Lebensphasen. F\u00fcr jede Gesellschaft<span class=\"points\">&#8230;<\/span><br \/>\n<span class=\"moreText\">ist Inklusion deshalb eine wichtige Aufgabe. Die Ursimone Wietlisbach Foundation gestaltet alle ihre Initiativen inklusiv. Unser Ziel ist, bis 2035 eine f\u00fchrende Stiftung f\u00fcr die F\u00f6rderung von Inklusion zu sein, die andere inspiriert.<\/span>[\/vc_column_text]<a href=\"https:\/\/ursimonewietlisbachfoundation.ch\/#\" class=\"vcex-button theme-txt-link wpex-inline-block inline m-question__button\"><span class=\"vcex-button-inner theme-button-inner\">hier weiter lesen<\/span><\/a> [\/vc_column_inner][vc_column_inner el_class=&#8220;m-question&#8220; width=&#8220;1\/3&#8243;]<h3 class=\"vcex-heading vcex-heading-plain vcex-module wpex-heading wpex-text-2xl m-question__title\"><span class=\"vcex-heading-inner wpex-inline-block\">ERN\u00c4HRUNG<\/span><\/h3>[vc_column_text css=&#8220;&#8220; el_class=&#8220;m-question__content&#8220;]Die Stiftung misst der Ern\u00e4hrung in ihren drei Wirkungsbereichen einen hohen Stellenwert bei und will sie<span class=\"points\">&#8230;<\/span><br \/>\n<span class=\"moreText\">bis 2035 als Querschnittsthema in allen F\u00f6rderbereichen etablieren. Die Ern\u00e4hrung ist f\u00fcr die k\u00f6rperliche und geistige Gesundheit, die kognitive Entwicklung und die sportliche Leistung von entscheidender Bedeutung und kann dazu beitragen, weltweit zunehmende Probleme wie Fettleibigkeit, Diabetes und Herz-Kreislauf-Erkrankungen zu verhindern.<\/span>[\/vc_column_text]<a href=\"https:\/\/ursimonewietlisbachfoundation.ch\/#\" class=\"vcex-button theme-txt-link wpex-inline-block inline m-question__button\"><span class=\"vcex-button-inner theme-button-inner\">hier weiter lesen<\/span><\/a> [\/vc_column_inner][vc_column_inner el_class=&#8220;m-question&#8220; width=&#8220;1\/3&#8243;]<h3 class=\"vcex-heading vcex-heading-plain vcex-module wpex-heading wpex-text-2xl m-question__title\"><span class=\"vcex-heading-inner wpex-inline-block\">ACHTSAMKEIT<\/span><\/h3>[vc_column_text css=&#8220;&#8220; el_class=&#8220;m-question__content&#8220;]Die Stiftung f\u00f6rdert Achtsamkeit und integriert diese Ziele bis 2035 in alle ihre Programme. Dies beinh<span class=\"points\">&#8230;<\/span><br \/>\n<span class=\"moreText\">altet die F\u00f6rderung pers\u00f6nlicher und kollektiver Verhaltens\u00e4nderungen durch praktisches Wissen und Motivation.<\/span>[\/vc_column_text]<a href=\"https:\/\/ursimonewietlisbachfoundation.ch\/#\" class=\"vcex-button theme-txt-link wpex-inline-block inline m-question__button\"><span class=\"vcex-button-inner theme-button-inner\">hier weiter lesen<\/span><\/a> [\/vc_column_inner][\/vc_row_inner][\/vc_column][\/vc_row][vc_row el_class=&#8220;home__team&#8220; local_scroll_id=&#8220;team&#8220;][vc_column]<h2 class=\"vcex-heading vcex-heading-plain vcex-module wpex-heading wpex-text-2xl wpex-text-center  wpb_animate_when_almost_visible wpb_fadeInUp fadeInUp home__team__headline\"><span class=\"vcex-heading-inner wpex-inline-block\">Stiftungsrat und Gesch\u00e4ftsstelle<\/span><\/h2><div class=\"vcex-shortcode wpex-clr  wpb_animate_when_almost_visible wpb_fadeInUp fadeInUp\"><div id=\"ymc-smart-filter-container-1\" \r\n\t\t\t\t  class=\"ymc-smart-filter-container ymc-filter-127 ymc-loaded-filter ymc-no-filter-layout ymc-post-custom-layout ymc-pagination-numeric data-target-ymc127-1 data-target-ymc1 \" data-loading=\"true\"\r\n\t\t\t\t  data-params='{\"cpt\":\"staff\",\"tax\":\"category\",\"terms\":\"\",\"default_terms\":\"\",\"exclude_posts\":\"off\",\"choices_posts\":\"\",\"posts_selected\":\"all\",\"preloader_icon\":\"preloader_10\",\"type_pg\":\"numeric\",\"per_page\":\"9\",\"page\":\"1\",\"page_scroll\":\"1\",\"preloader_filters\":\"custom_filters\",\"preloader_filters_rate\":\"0.5\",\"preloader_filters_custom\":\"filter:brightness(0)saturate(100%)invert(8%)sepia(52%)saturate(5050%)hue-rotate(220deg)brightness(99%)contrast(98%);\",\"post_animation\":\"\",\"popup_animation\":\"slide\",\"letter\":\"\",\"post_layout\":\"post-custom-layout\",\"filter_layout\":\"no-filter-layout\",\"filter_id\":\"127\",\"search\":\"\",\"search_filtered_posts\":\"0\",\"carousel_params\":&quot;&quot;,\"filter_date\":\"\",\"sort_order\":\"\",\"sort_orderby\":\"\",\"meta_key\":\"\",\"meta_query\":\"\",\"date_query\":\"\",\"data_target\":\"data-target-ymc1\",\"target_id\":\"1\",\"page_id\":\"0\"}'><div class=\"container-posts container-post-custom-layout\"><div class=\"post-entry ymc-xs-col-1 ymc-sm-col-1 ymc-md-col-2 ymc-lg-col-2 ymc-xl-col-3 ymc-xxl-col-3 post-custom-layout post-custom-layout-127 post-custom-layout-127-1\"><\/div><\/div><div class=\"ymc-popup-overlay\" style=\"background: #14151899\"><div class=\"ymc-popup-wrp popup-127 popup-127-1 popup-right\" style=\"transform-origin:center center; width:100%;height:100%;\"><span class=\"btn-close\" title=\"Close\"><i class=\"fas fa-times\"><\/i><\/span><hr\/><div class=\"popup-entry\"><\/div><\/div><\/div><\/div><\/div>[\/vc_column][\/vc_row][vc_row full_width=&#8220;stretch_row&#8220; el_class=&#8220;home__ar-25&#8243; local_scroll_id=&#8220;uswf-ar-25&#8243; el_id=&#8220;uswf-ar-25&#8243; css=&#8220;.vc_custom_1755575034581{background-color: #e1dac3 !important;}&#8220;][vc_column css_animation=&#8220;fadeInUp&#8220; width=&#8220;1\/2&#8243; el_class=&#8220;textCol&#8220;]<h2 class=\"vcex-heading vcex-heading-plain vcex-module wpex-heading wpex-text-2xl\"><span class=\"vcex-heading-inner wpex-inline-block\">Jahresbericht 2024<\/span><\/h2>[vc_column_text css=&#8220;&#8220; el_class=&#8220;subheading&#8220;]<b>Ein Schl\u00fcsseljahr f\u00fcr die Ursimone Wietlisbach Foundation<\/b><\/p>\n<p>Drei Jahre nach unserer Gr\u00fcndung haben wir die Grundlagenarbeit f\u00fcr die langfristige Wirkung unserer Stiftung abgeschlossen: Wir haben eine professionelle Gesch\u00e4ftsstelle eingerichtet, einen erfahrenen CEO eingestellt und unseren strategischen Fokus gesch\u00e4rft. Der Jahresbericht 2024 spiegelt unser wachsendes Engagement f\u00fcr Menschen und Gemeinschaften in der Schweiz und in der Mekong-Region wider. Unser Ziel ist, ihnen ein gesundes, sinnvolles Leben voller Freude zu erm\u00f6glichen.<\/p>\n<p>Entdecken Sie die H\u00f6hepunkte und Meilensteine unserer bisherigen Reise.[\/vc_column_text]<a href=\"https:\/\/ursimonewietlisbachfoundation.ch\/wp-content\/uploads\/2025\/08\/Annual-report-EN-ELECTRONIC-VERSION-080825.pdf\" class=\"vcex-button theme-txt-link wpex-inline-block inline m-area__btn\" title=\"JAHRESBERICHT 2024\" target=\"_blank\" rel=\"noopener noreferrer\"><span class=\"vcex-button-inner theme-button-inner\"><span class=\"vcex-button-icon vcex-icon-wrap theme-button-icon-left\"><span aria-hidden=\"true\" class=\"vc-material vc-material-arrow_forward\"><\/span><\/span>Vollst\u00e4ndigen Bericht herunterladen (PDF)<\/span><\/a> [\/vc_column][vc_column width=&#8220;1\/2&#8243; el_class=&#8220;imgCol&#8220;]<figure class=\"vcex-image vcex-module textcenter  wpb_animate_when_almost_visible wpb_fadeInDown fadeInDown top-image\"><div class=\"vcex-image-inner wpex-relative wpex-inline-block\"><a href=\"https:\/\/ursimonewietlisbachfoundation.ch\/wp-content\/uploads\/2025\/08\/Annual-report-EN-ELECTRONIC-VERSION-080825.pdf\" title=\"JAHRESBERICHT 2024\" target=\"_blank\" rel=\"noopener noreferrer\"><img width=\"1200\" height=\"763\" src=\"https:\/\/ursimonewietlisbachfoundation.ch\/wp-content\/uploads\/2025\/08\/ar-2025-a.png\" class=\"vcex-image-img wpex-align-middle\" alt=\"\" loading=\"lazy\" decoding=\"async\" srcset=\"https:\/\/ursimonewietlisbachfoundation.ch\/wp-content\/uploads\/2025\/08\/ar-2025-a.png 1200w, https:\/\/ursimonewietlisbachfoundation.ch\/wp-content\/uploads\/2025\/08\/ar-2025-a-300x191.png 300w, https:\/\/ursimonewietlisbachfoundation.ch\/wp-content\/uploads\/2025\/08\/ar-2025-a-1024x651.png 1024w, https:\/\/ursimonewietlisbachfoundation.ch\/wp-content\/uploads\/2025\/08\/ar-2025-a-768x488.png 768w\" sizes=\"auto, (max-width: 1200px) 100vw, 1200px\" \/><\/a><\/div><\/figure>[\/vc_column][\/vc_row]\n<\/div>","protected":false},"excerpt":{"rendered":"<p>[vc_row full_width=&#8220;stretch_row_content_no_spaces&#8220; equal_height=&#8220;yes&#8220; remove_bottom_col_margin=&#8220;true&#8220; el_class=&#8220;home__hero&#8220; css=&#8220;.vc_custom_1730963188598{background-color: #062366 !important;}&#8220;][vc_column width=&#8220;1\/2&#8243; el_class=&#8220;imgCol&#8220;][vc_column_text css=&#8220;&#8220; el_id=&#8220;uswf-random-fade&#8220;][\/vc_column_text][\/vc_column][vc_column width=&#8220;1\/2&#8243; el_class=&#8220;textCol&#8220;][\/vc_column][\/vc_row][vc_row full_width=&#8220;stretch_row_content&#8220; remove_bottom_col_margin=&#8220;true&#8220; el_class=&#8220;uwf-menu__desktop&#8220;][vc_column el_class=&#8220;inis-ext-wapper&#8220;][vc_column_text css=&#8220;&#8220; visibility=&#8220;hidden-desktop&#8220; el_id=&#8220;inisHomeRes&#8220;]Startseite[\/vc_column_text][vc_wp_custommenu nav_menu=&#8220;16&#8243;][\/vc_column][\/vc_row][vc_row full_width=&#8220;stretch_row_content_no_spaces&#8220; remove_bottom_col_margin=&#8220;true&#8220; el_class=&#8220;uwf-menu__mobile&#8220;][vc_column][vc_wp_custommenu nav_menu=&#8220;14&#8243;][\/vc_column][\/vc_row][vc_row full_width=&#8220;stretch_row&#8220; el_class=&#8220;home__textRow&#8220; local_scroll_id=&#8220;about&#8220; el_id=&#8220;about&#8220;][vc_column][vc_row_inner el_class=&#8220;inner-row&#8220;][vc_column_inner][vc_column_text css_animation=&#8220;fadeInUp&#8220; css=&#8220;&#8220;]Die Ursimone Wietlisbach Foundation wurde von Urs und Simone Wietlisbach 2021 gegr\u00fcndet. Das Ziel der in Zug domizilierten Stiftung ist, Menschen ein ges\u00fcnderes,&hellip;<\/p>\n","protected":false},"author":2,"featured_media":0,"parent":0,"menu_order":0,"comment_status":"closed","ping_status":"closed","template":"","meta":{"footnotes":""},"class_list":["post-75","page","type-page","status-publish","hentry","entry","no-media"],"yoast_head":"<!-- This site is optimized with the Yoast SEO plugin v26.7 - https:\/\/yoast.com\/wordpress\/plugins\/seo\/ -->\n<title>Ursimone Wietlisbach Foundation<\/title>\n<meta name=\"description\" content=\"Die Ursimone Wietlisbach Foundation wurde von Urs und Simone Wietlisbach 2021 gegr\u00fcndet.\" \/>\n<meta name=\"robots\" content=\"index, follow, max-snippet:-1, max-image-preview:large, max-video-preview:-1\" \/>\n<link rel=\"canonical\" href=\"https:\/\/ursimonewietlisbachfoundation.ch\/de\/\" \/>\n<meta property=\"og:locale\" content=\"de_DE\" \/>\n<meta property=\"og:type\" content=\"article\" \/>\n<meta property=\"og:title\" content=\"Ursimone Wietlisbach Foundation\" \/>\n<meta property=\"og:description\" content=\"Die Ursimone Wietlisbach Foundation wurde von Urs und Simone Wietlisbach 2021 gegr\u00fcndet.\" \/>\n<meta property=\"og:url\" content=\"https:\/\/ursimonewietlisbachfoundation.ch\/de\/\" \/>\n<meta property=\"og:site_name\" content=\"Ursimone Wietlisbach Foundtation\" \/>\n<meta property=\"article:modified_time\" content=\"2025-12-17T05:16:07+00:00\" \/>\n<meta property=\"og:image\" content=\"https:\/\/ursimonewietlisbachfoundation.ch\/wp-content\/uploads\/2024\/11\/shutterstock_2467410239-scaled.webp\" \/>\n\t<meta property=\"og:image:width\" content=\"2560\" \/>\n\t<meta property=\"og:image:height\" content=\"1707\" \/>\n\t<meta property=\"og:image:type\" content=\"image\/webp\" \/>\n<meta name=\"twitter:card\" content=\"summary_large_image\" \/>\n<meta name=\"twitter:title\" content=\"Ursimone Wietlisbach Foundation\" \/>\n<meta name=\"twitter:description\" content=\"Die Ursimone Wietlisbach Foundation wurde von Urs und Simone Wietlisbach 2021 gegr\u00fcndet.\" \/>\n<meta name=\"twitter:image\" content=\"https:\/\/ursimonewietlisbachfoundation.ch\/wp-content\/uploads\/2024\/11\/shutterstock_2467410239-scaled.webp\" \/>\n<meta name=\"twitter:label1\" content=\"Gesch\u00e4tzte Lesezeit\" \/>\n\t<meta name=\"twitter:data1\" content=\"5\u00a0Minuten\" \/>\n<script type=\"application\/ld+json\" class=\"yoast-schema-graph\">{\"@context\":\"https:\/\/schema.org\",\"@graph\":[{\"@type\":\"WebPage\",\"@id\":\"https:\/\/ursimonewietlisbachfoundation.ch\/de\/\",\"url\":\"https:\/\/ursimonewietlisbachfoundation.ch\/de\/\",\"name\":\"Ursimone Wietlisbach Foundation\",\"isPartOf\":{\"@id\":\"https:\/\/ursimonewietlisbachfoundation.ch\/#website\"},\"datePublished\":\"2024-11-01T13:37:50+00:00\",\"dateModified\":\"2025-12-17T05:16:07+00:00\",\"description\":\"Die Ursimone Wietlisbach Foundation wurde von Urs und Simone Wietlisbach 2021 gegr\u00fcndet.\",\"breadcrumb\":{\"@id\":\"https:\/\/ursimonewietlisbachfoundation.ch\/de\/#breadcrumb\"},\"inLanguage\":\"de\",\"potentialAction\":[{\"@type\":\"ReadAction\",\"target\":[\"https:\/\/ursimonewietlisbachfoundation.ch\/de\/\"]}]},{\"@type\":\"BreadcrumbList\",\"@id\":\"https:\/\/ursimonewietlisbachfoundation.ch\/de\/#breadcrumb\",\"itemListElement\":[{\"@type\":\"ListItem\",\"position\":1,\"name\":\"Home\",\"item\":\"https:\/\/ursimonewietlisbachfoundation.ch\/de\/\"},{\"@type\":\"ListItem\",\"position\":2,\"name\":\"Home\"}]},{\"@type\":\"WebSite\",\"@id\":\"https:\/\/ursimonewietlisbachfoundation.ch\/#website\",\"url\":\"https:\/\/ursimonewietlisbachfoundation.ch\/\",\"name\":\"Ursimone Wietlisbach Foundation\",\"description\":\"\",\"publisher\":{\"@id\":\"https:\/\/ursimonewietlisbachfoundation.ch\/#organization\"},\"potentialAction\":[{\"@type\":\"SearchAction\",\"target\":{\"@type\":\"EntryPoint\",\"urlTemplate\":\"https:\/\/ursimonewietlisbachfoundation.ch\/?s={search_term_string}\"},\"query-input\":{\"@type\":\"PropertyValueSpecification\",\"valueRequired\":true,\"valueName\":\"search_term_string\"}}],\"inLanguage\":\"de\"},{\"@type\":\"Organization\",\"@id\":\"https:\/\/ursimonewietlisbachfoundation.ch\/#organization\",\"name\":\"Ursimone Wietlisbach Foundtation\",\"url\":\"https:\/\/ursimonewietlisbachfoundation.ch\/\",\"logo\":{\"@type\":\"ImageObject\",\"inLanguage\":\"de\",\"@id\":\"https:\/\/ursimonewietlisbachfoundation.ch\/#\/schema\/logo\/image\/\",\"url\":\"https:\/\/ursimonewietlisbachfoundation.ch\/wp-content\/uploads\/2024\/11\/UWF-Logo.png\",\"contentUrl\":\"https:\/\/ursimonewietlisbachfoundation.ch\/wp-content\/uploads\/2024\/11\/UWF-Logo.png\",\"width\":604,\"height\":178,\"caption\":\"Ursimone Wietlisbach Foundtation\"},\"image\":{\"@id\":\"https:\/\/ursimonewietlisbachfoundation.ch\/#\/schema\/logo\/image\/\"}}]}<\/script>\n<!-- \/ Yoast SEO plugin. -->","yoast_head_json":{"title":"Ursimone Wietlisbach Foundation","description":"Die Ursimone Wietlisbach Foundation wurde von Urs und Simone Wietlisbach 2021 gegr\u00fcndet.","robots":{"index":"index","follow":"follow","max-snippet":"max-snippet:-1","max-image-preview":"max-image-preview:large","max-video-preview":"max-video-preview:-1"},"canonical":"https:\/\/ursimonewietlisbachfoundation.ch\/de\/","og_locale":"de_DE","og_type":"article","og_title":"Ursimone Wietlisbach Foundation","og_description":"Die Ursimone Wietlisbach Foundation wurde von Urs und Simone Wietlisbach 2021 gegr\u00fcndet.","og_url":"https:\/\/ursimonewietlisbachfoundation.ch\/de\/","og_site_name":"Ursimone Wietlisbach Foundtation","article_modified_time":"2025-12-17T05:16:07+00:00","og_image":[{"width":2560,"height":1707,"url":"https:\/\/ursimonewietlisbachfoundation.ch\/wp-content\/uploads\/2024\/11\/shutterstock_2467410239-scaled.webp","type":"image\/webp"}],"twitter_card":"summary_large_image","twitter_title":"Ursimone Wietlisbach Foundation","twitter_description":"Die Ursimone Wietlisbach Foundation wurde von Urs und Simone Wietlisbach 2021 gegr\u00fcndet.","twitter_image":"https:\/\/ursimonewietlisbachfoundation.ch\/wp-content\/uploads\/2024\/11\/shutterstock_2467410239-scaled.webp","twitter_misc":{"Gesch\u00e4tzte Lesezeit":"5\u00a0Minuten"},"schema":{"@context":"https:\/\/schema.org","@graph":[{"@type":"WebPage","@id":"https:\/\/ursimonewietlisbachfoundation.ch\/de\/","url":"https:\/\/ursimonewietlisbachfoundation.ch\/de\/","name":"Ursimone Wietlisbach Foundation","isPartOf":{"@id":"https:\/\/ursimonewietlisbachfoundation.ch\/#website"},"datePublished":"2024-11-01T13:37:50+00:00","dateModified":"2025-12-17T05:16:07+00:00","description":"Die Ursimone Wietlisbach Foundation wurde von Urs und Simone Wietlisbach 2021 gegr\u00fcndet.","breadcrumb":{"@id":"https:\/\/ursimonewietlisbachfoundation.ch\/de\/#breadcrumb"},"inLanguage":"de","potentialAction":[{"@type":"ReadAction","target":["https:\/\/ursimonewietlisbachfoundation.ch\/de\/"]}]},{"@type":"BreadcrumbList","@id":"https:\/\/ursimonewietlisbachfoundation.ch\/de\/#breadcrumb","itemListElement":[{"@type":"ListItem","position":1,"name":"Home","item":"https:\/\/ursimonewietlisbachfoundation.ch\/de\/"},{"@type":"ListItem","position":2,"name":"Home"}]},{"@type":"WebSite","@id":"https:\/\/ursimonewietlisbachfoundation.ch\/#website","url":"https:\/\/ursimonewietlisbachfoundation.ch\/","name":"Ursimone Wietlisbach Foundation","description":"","publisher":{"@id":"https:\/\/ursimonewietlisbachfoundation.ch\/#organization"},"potentialAction":[{"@type":"SearchAction","target":{"@type":"EntryPoint","urlTemplate":"https:\/\/ursimonewietlisbachfoundation.ch\/?s={search_term_string}"},"query-input":{"@type":"PropertyValueSpecification","valueRequired":true,"valueName":"search_term_string"}}],"inLanguage":"de"},{"@type":"Organization","@id":"https:\/\/ursimonewietlisbachfoundation.ch\/#organization","name":"Ursimone Wietlisbach Foundtation","url":"https:\/\/ursimonewietlisbachfoundation.ch\/","logo":{"@type":"ImageObject","inLanguage":"de","@id":"https:\/\/ursimonewietlisbachfoundation.ch\/#\/schema\/logo\/image\/","url":"https:\/\/ursimonewietlisbachfoundation.ch\/wp-content\/uploads\/2024\/11\/UWF-Logo.png","contentUrl":"https:\/\/ursimonewietlisbachfoundation.ch\/wp-content\/uploads\/2024\/11\/UWF-Logo.png","width":604,"height":178,"caption":"Ursimone Wietlisbach Foundtation"},"image":{"@id":"https:\/\/ursimonewietlisbachfoundation.ch\/#\/schema\/logo\/image\/"}}]}},"_links":{"self":[{"href":"https:\/\/ursimonewietlisbachfoundation.ch\/de\/wp-json\/wp\/v2\/pages\/75","targetHints":{"allow":["GET"]}}],"collection":[{"href":"https:\/\/ursimonewietlisbachfoundation.ch\/de\/wp-json\/wp\/v2\/pages"}],"about":[{"href":"https:\/\/ursimonewietlisbachfoundation.ch\/de\/wp-json\/wp\/v2\/types\/page"}],"author":[{"embeddable":true,"href":"https:\/\/ursimonewietlisbachfoundation.ch\/de\/wp-json\/wp\/v2\/users\/2"}],"replies":[{"embeddable":true,"href":"https:\/\/ursimonewietlisbachfoundation.ch\/de\/wp-json\/wp\/v2\/comments?post=75"}],"version-history":[{"count":23,"href":"https:\/\/ursimonewietlisbachfoundation.ch\/de\/wp-json\/wp\/v2\/pages\/75\/revisions"}],"predecessor-version":[{"id":845,"href":"https:\/\/ursimonewietlisbachfoundation.ch\/de\/wp-json\/wp\/v2\/pages\/75\/revisions\/845"}],"wp:attachment":[{"href":"https:\/\/ursimonewietlisbachfoundation.ch\/de\/wp-json\/wp\/v2\/media?parent=75"}],"curies":[{"name":"wp","href":"https:\/\/api.w.org\/{rel}","templated":true}]}}